{"id":15137,"date":"2018-04-05T13:48:35","date_gmt":"2018-04-05T11:48:35","guid":{"rendered":"https:\/\/nb-parts.de\/politique-de-confidentialite\/"},"modified":"2019-01-22T10:21:23","modified_gmt":"2019-01-22T09:21:23","slug":"politica-de-privacidad","status":"publish","type":"page","link":"https:\/\/nb-parts.de\/es\/politica-de-privacidad\/","title":{"rendered":"Pol\u00edtica de privacidad"},"content":{"rendered":"<p>POL\u00cdTICA DE PRIVACIDAD<\/p>\n<p>\u00a7 1 General<\/p>\n<p>Sus datos personales (p. Ej. Saludo, nombre, direcci\u00f3n, direcci\u00f3n de correo electr\u00f3nico, n\u00famero de tel\u00e9fono, datos bancarios, n\u00famero de tarjeta de cr\u00e9dito) solo los procesaremos de acuerdo con las disposiciones de la ley alemana de protecci\u00f3n de datos y la ley de protecci\u00f3n de datos de la Uni\u00f3n Europea (UE). Las siguientes regulaciones le informan sobre los prop\u00f3sitos de procesamiento, destinatarios, bases legales, per\u00edodos de almacenamiento, as\u00ed como sus derechos y los responsables del procesamiento de datos. Esta pol\u00edtica de privacidad se aplica solo a nuestros sitios web. Si lo reenv\u00edan a otras p\u00e1ginas a trav\u00e9s de enlaces en nuestras p\u00e1ginas, inf\u00f3rmese sobre el manejo respectivo de sus datos.<\/p>\n<p>\u00a7 2 contacto<\/p>\n<p>(1) Prop\u00f3sito de procesamiento<\/p>\n<p>Sus datos personales, que nos proporciona por correo electr\u00f3nico, formulario de contacto, etc., procesamos para responder y satisfacer sus solicitudes. No es necesario que nos proporcione su informaci\u00f3n personal. Pero no podremos responderle por correo electr\u00f3nico sin su direcci\u00f3n de correo electr\u00f3nico.<\/p>\n<p>(2) Base legal<\/p>\n<p>a) Si nos ha dado un consentimiento expl\u00edcito para el procesamiento de sus datos, Art. 6 p\u00e1rrafo 1a) GDPR es la base legal para este procesamiento.<\/p>\n<p>b) Si procesamos sus datos para la implementaci\u00f3n de medidas precontractuales, el Art. 6 (1b) GDPR es la base legal.<\/p>\n<p>c) En todos los dem\u00e1s casos (especialmente cuando se usa un formulario de contacto), el Art. 6 (1f) GDPR es la base legal.<\/p>\n<p>DERECHO DE OPOSICI\u00d3N: Usted tiene derecho a oponerse al procesamiento de datos en base al Art. 6 p\u00e1rrafo 1 f) GDPR y no a enviar correos por razones que surjan de su situaci\u00f3n particular en cualquier momento. Sin embargo, en el caso del correo directo, puede objetar el procesamiento en cualquier momento sin indicar los motivos.  <\/p>\n<p>(3) inter\u00e9s leg\u00edtimo<\/p>\n<p>Nuestro inter\u00e9s leg\u00edtimo en el procesamiento es comunicarnos con usted r\u00e1pidamente y responder a sus solicitudes de manera rentable. Si nos proporciona su direcci\u00f3n, nos reservamos el derecho de utilizarla para correo postal directo. Puede proteger su inter\u00e9s en la protecci\u00f3n de datos a trav\u00e9s de una transferencia de datos econ\u00f3mica (por ejemplo, el uso de un seud\u00f3nimo).<\/p>\n<p>(4) categor\u00edas de destinatarios<\/p>\n<p>Proveedor de alojamiento, proveedor de servicios de env\u00edo para correo directo<\/p>\n<p>(5) duraci\u00f3n de almacenamiento<\/p>\n<p>Sus datos ser\u00e1n eliminados si pueden inferirse de las circunstancias en que su solicitud o los hechos relevantes han sido finalmente aclarados. Sin embargo, si se concluye un contrato, los datos requeridos por la ley comercial y tributaria ser\u00e1n retenidos por nosotros por los per\u00edodos estatutarios, es decir, regularmente diez a\u00f1os (ver \u00a7 257 HGB, \u00a7 147 AO).<\/p>\n<p>(6) Derecho de desistimiento<\/p>\n<p>En el caso del procesamiento, usted tiene el derecho, en base a su consentimiento, de revocar su consentimiento en cualquier momento.<\/p>\n<p>\u00a7 3 comentarios<\/p>\n<p>(1) Prop\u00f3sito de procesamiento<\/p>\n<p>Es posible escribir un comentario. Sus datos (p. Ej., Nombre \/ seud\u00f3nimo, direcci\u00f3n de correo electr\u00f3nico, sitio web) se procesar\u00e1n solo con el fin de publicar su comentario.<\/p>\n<p>(2) Base legal<\/p>\n<p>La base legal para este procesamiento es el Art\u00edculo 6 (1) (f) GDPR.<\/p>\n<p>(3) inter\u00e9s leg\u00edtimo<\/p>\n<p>Nuestro inter\u00e9s leg\u00edtimo es el intercambio p\u00fablico de opiniones de los usuarios sobre temas y productos espec\u00edficos. Entre otras cosas, la publicaci\u00f3n cumple la funci\u00f3n de transparencia y formaci\u00f3n de opini\u00f3n. Se mantiene su inter\u00e9s en la protecci\u00f3n de datos, ya que puede publicar su comentario bajo un seud\u00f3nimo.<\/p>\n<p>(4) duraci\u00f3n de almacenamiento<\/p>\n<p>Un cierto per\u00edodo de almacenamiento no se proporciona. Puede solicitar la eliminaci\u00f3n de su comentario en cualquier momento.<\/p>\n<p>(5) DERECHO DE OPOSICI\u00d3N<\/p>\n<p>Tiene derecho a oponerse al procesamiento de datos en virtud del Art. 6 (1) (f) GDPR y no a enviar correos por razones que surjan de su situaci\u00f3n particular en cualquier momento. Sin embargo, en el caso del correo directo, puede objetar el procesamiento en cualquier momento sin indicar los motivos.<\/p>\n<p>\u00a7 4 Web Analytics con Google Analytics<\/p>\n<p>(1) Prop\u00f3sito de procesamiento<\/p>\n<p>Este sitio web utiliza Google Analytics, un servicio de an\u00e1lisis web proporcionado por Google Ireland Limited, Gordon House, Barrow Street, Dublin 4, Irland (\u00abGoogle\u00bb). Google Analytics utiliza las llamadas \u00abcookies\u00bb, archivos de texto que se almacenan en su computadora y que permiten un an\u00e1lisis del uso del sitio web por usted. La informaci\u00f3n generada por la cookie sobre su uso de este sitio web generalmente se transmite a un servidor de Google en EE. UU. Y se almacena all\u00ed. Sin embargo, en el caso de la activaci\u00f3n de la anonimizaci\u00f3n de IP en este sitio web, su direcci\u00f3n IP ser\u00e1 acortada de antemano por Google dentro de los estados miembros de la Uni\u00f3n Europea o en otros estados contratantes del Acuerdo sobre el Espacio Econ\u00f3mico Europeo. Solo en casos excepcionales, la direcci\u00f3n IP completa se enviar\u00e1 a un servidor de Google en EE. UU. Y se acortar\u00e1 all\u00ed. En nombre del operador de este sitio web, Google utilizar\u00e1 esta informaci\u00f3n para evaluar su uso del sitio web, recopilar informes sobre la actividad del sitio web y proporcionar otros servicios relacionados con la actividad del sitio web y el uso de Internet al operador del sitio web.<\/p>\n<p>(2) Base legal<\/p>\n<p>La base legal para este procesamiento es el Art\u00edculo 6 (1) (f) GDPR.<\/p>\n<p>(3) inter\u00e9s leg\u00edtimo<\/p>\n<p>Nuestro inter\u00e9s leg\u00edtimo es el an\u00e1lisis estad\u00edstico del comportamiento del usuario con fines de optimizaci\u00f3n y comercializaci\u00f3n. Para proteger su inter\u00e9s en la privacidad, este sitio web utiliza Google Analytics con la extensi\u00f3n \u00abanonymizeIP ()\u00bb, por lo que las direcciones IP se procesan solo acortadas, con el fin de excluir un Personenbeziehbarkeit directo.<\/p>\n<p>(4) categor\u00edas de destinatarios<\/p>\n<p>Google, empresa asociada<\/p>\n<p>(5) Transmisi\u00f3n a un tercer pa\u00eds<\/p>\n<p>Google LLC, con sede en los Estados Unidos, est\u00e1 certificada con el Escudo de privacidad de EE. UU., Que garantiza el cumplimiento del nivel de protecci\u00f3n de datos en la UE.<\/p>\n<p>(6) duraci\u00f3n de almacenamiento<\/p>\n<p>14 meses<\/p>\n<p>  (7) DERECHO DE OPOSICI\u00d3N<\/p>\n<p>Puede evitar el almacenamiento de cookies mediante la configuraci\u00f3n correspondiente del software de su navegador; sin embargo, tenga en cuenta que si hace esto, es posible que no pueda usar todas las caracter\u00edsticas de este sitio web en la mayor medida posible. Adem\u00e1s, puede evitar la recopilaci\u00f3n por parte de Google de los datos generados por la cookie y relacionados con su uso del sitio web (incluida su direcci\u00f3n IP) y el procesamiento de estos datos por parte de Google mediante la descarga del complemento del navegador disponible en el siguiente enlace e instalar: <a href=\u201ehttp:\/\/tools.google.com\/dlpage\/gaoptout?hl=de\">optout<\/a><\/p>\n<p>Tambi\u00e9n puede evitar la entrada estableciendo una cookie de exclusi\u00f3n voluntaria. Si desea evitar la recopilaci\u00f3n futura de sus datos cuando visite este sitio web, haga clic aqu\u00ed : <a onclick=\"alert('Google Analytics was deactivated');\" href=\"javascript:gaOptout()\">Desactivar Google Analytics<\/a><\/p>\n<p>\u00a7 5 Informaci\u00f3n sobre cookies<\/p>\n<p>(1) Prop\u00f3sito de procesamiento<\/p>\n<p>En este sitio web se utilizan cookies t\u00e9cnicamente necesarias. Estos son peque\u00f1os archivos de texto que no est\u00e1n almacenados permanentemente en o desde su navegador de Internet en su sistema inform\u00e1tico. Estas cookies permiten, por ejemplo, la inserci\u00f3n de m\u00faltiples productos en un carrito de compras. Otras cookies permanecen permanentes y reconocen su navegador la pr\u00f3xima vez que visite. Estas cookies le permiten, por ejemplo, almacenar permanentemente sus contrase\u00f1as para una cuenta de cliente.<\/p>\n<p>(2) Base legal<\/p>\n<p>La base legal para este procesamiento es el Art\u00edculo 6 (1) (a) GDPR. El siguiente consentimiento para el uso de cookies en nuestro sitio puede haber sido otorgado expresamente a usted: Para que nuestro sitio web sea \u00f3ptimo para usted, utilizamos cookies. Al continuar utilizando el sitio web, acepta el uso de cookies<\/p>\n<p>(3) duraci\u00f3n de almacenamiento<\/p>\n<p>Las cookies t\u00e9cnicamente necesarias generalmente se eliminan cuando el navegador est\u00e1 cerrado. Las cookies almacenadas permanentemente tienen una vida \u00fatil diferente de algunos minutos a varios a\u00f1os.<\/p>\n<p>(4) Retiro<\/p>\n<p>Si no desea guardar estas cookies, desactive la aceptaci\u00f3n de estas cookies en su navegador de Internet. Sin embargo, esto puede resultar en una restricci\u00f3n funcional de nuestro sitio web. Puede revocar su consentimiento para el almacenamiento permanente eliminando las cookies almacenadas a trav\u00e9s de su navegador.<\/p>\n<p>\u00a7 6 Derechos de la persona concernida<\/p>\n<p>Si usted procesa los datos personales, est\u00e1 preocupado en el sentido de DSGVO y tiene los siguientes derechos sobre nosotros:<\/p>\n<p>1. Derecho a la informaci\u00f3n<\/p>\n<p>Puede solicitarnos que confirmemos si procesamos su informaci\u00f3n personal. Si dicho procesamiento est\u00e1 disponible, puede solicitarnos informaci\u00f3n a trav\u00e9s de la siguiente informaci\u00f3n:<\/p>\n<p>(1) los fines para los que se procesan los datos personales;<\/p>\n<p>(2) las categor\u00edas de datos personales que se procesan;<\/p>\n<p>(3) los destinatarios o categor\u00edas de destinatarios a quienes los datos personales relacionados con usted han sido divulgados o a\u00fan se est\u00e1n divulgando;<\/p>\n<p>(4) la duraci\u00f3n planificada del almacenamiento de sus datos personales o, si no se dispone de informaci\u00f3n espec\u00edfica, los criterios para determinar la duraci\u00f3n del almacenamiento;<\/p>\n<p>(5) la existencia de un derecho a la rectificaci\u00f3n o eliminaci\u00f3n de datos personales que le conciernen, un derecho a la restricci\u00f3n de nuestro procesamiento o un derecho a oponerse a dicho procesamiento;<\/p>\n<p>(6) la existencia de un derecho de apelaci\u00f3n ante una autoridad supervisora;<\/p>\n<p>(7) toda la informaci\u00f3n disponible sobre el origen de los datos si los datos personales no se recopilan del interesado;<\/p>\n<p>(8) la existencia de una toma automatizada de decisiones que incluye la elaboraci\u00f3n de perfiles conforme al Art\u00edculo 22 (1) y (4) GDPR y, al menos en estos casos, informaci\u00f3n significativa sobre la l\u00f3gica involucrada y el alcance y el impacto previsto de dicho procesamiento en el interesado. Tiene derecho a solicitar informaci\u00f3n sobre si su informaci\u00f3n personal se relaciona con un tercer pa\u00eds o una organizaci\u00f3n internacional. En este sentido, puede solicitar las garant\u00edas apropiadas de acuerdo con. Art. 46 GDPR en relaci\u00f3n con la transferencia.<\/p>\n<p>2. Derecho a la rectificaci\u00f3n<\/p>\n<p>Tiene derecho a rectificaci\u00f3n y \/ o finalizaci\u00f3n si los datos personales que procesa son incorrectos o incompletos. Tenemos que hacer la correcci\u00f3n de inmediato.<\/p>\n<p>3. Derecho a la restricci\u00f3n del procesamiento<\/p>\n<p>Puede solicitar la restricci\u00f3n del procesamiento de sus datos personales bajo las siguientes condiciones:<\/p>\n<p>(1) si impugna la exactitud de su informaci\u00f3n personal durante un per\u00edodo de tiempo que nos permite verificar la exactitud de su informaci\u00f3n personal;<\/p>\n<p>(2) si el procesamiento es ilegal y se niega a eliminar los datos personales y en su lugar solicita la restricci\u00f3n del uso de los datos personales;<\/p>\n<p>3) si ya no necesitamos informaci\u00f3n personal para fines de procesamiento, pero la necesita para fines de afirmaci\u00f3n, ejercicio o defensa de reclamos legales, o<\/p>\n<p>(4) si ha presentado una objeci\u00f3n contra el procesamiento conforme al Art. 21 (1) GDPR y a\u00fan no es seguro si los motivos leg\u00edtimos a los que tenemos derecho compensan sus razones.<\/p>\n<p>Si el procesamiento de los datos personales que le conciernen ha sido restringido, estos datos solo podr\u00e1n utilizarse con su consentimiento o para hacer valer, ejercitar o defender reclamaciones legales o proteger los derechos de otra persona f\u00edsica o jur\u00eddica o por razones de inter\u00e9s p\u00fablico importante. Uni\u00f3n o un Estado miembro. Si la restricci\u00f3n en el procesamiento ha sido restringida de acuerdo con las condiciones anteriores, seremos informados por nosotros antes de que se levante la restricci\u00f3n.<\/p>\n<p>4. Derecho a cancelaci\u00f3n<\/p>\n<p>a) Obligaci\u00f3n de eliminar<\/p>\n<p>Puede solicitar que eliminemos su informaci\u00f3n personal sin demora y se nos exige que eliminemos esa informaci\u00f3n de inmediato, si se cumple alguna de las siguientes condiciones:<\/p>\n<p>(1) Los datos personales que le conciernen ya no son necesarios para los fines para los que fueron recopilados o procesados.<\/p>\n<p>(2) Usted revoca su consentimiento, a lo cual el procesamiento ac. Art. 6 p\u00e1rrafo 1 lit. a o Art. 9, p\u00e1rrafo 2, lit. DSGVO y no hay otra base legal para el procesamiento.<\/p>\n<p>(3) De acuerdo con. Art. 21, p\u00e1rrafo 1 Objeci\u00f3n de DSGVO al procesamiento y no existen razones justificables previas para el procesamiento, o usted establece gema. Art. 21, p\u00e1rrafo 2 DSGVO Oposici\u00f3n al procesamiento.<\/p>\n<p>(4) Sus datos personales han sido procesados \u200b\u200bilegalmente.<\/p>\n<p>(5) La eliminaci\u00f3n de sus datos personales es necesaria para cumplir una obligaci\u00f3n legal en virtud de la legislaci\u00f3n nacional o de la Uni\u00f3n a la que estamos sujetos.<\/p>\n<p>(6) Los datos personales que le conciernen fueron recopilados en relaci\u00f3n con los servicios de la sociedad de la informaci\u00f3n ofrecidos de conformidad con el Art. 8 (1) GDPR.<\/p>\n<p>b) informaci\u00f3n a terceros<\/p>\n<p>\u00bfHemos hecho p\u00fablicos los datos personales que le conciernen y estamos de acuerdo? El art\u00edculo 17 (1) de la GDPR, tomaremos las medidas apropiadas, incluidos los medios t\u00e9cnicos, para informar a los controladores responsables del procesamiento de los datos personales, teniendo en cuenta la tecnolog\u00eda disponible y los costos de implementaci\u00f3n, que usted: la persona en cuesti\u00f3n ha solicitado la eliminaci\u00f3n de cualquier enlace a dichos datos personales o copias o r\u00e9plicas de dichos datos personales.<\/p>\n<p>c) Excepciones<\/p>\n<p>El derecho a borrar no existe si el procesamiento es necesario<\/p>\n<p>(1) ejercer el derecho a la libertad de expresi\u00f3n e informaci\u00f3n;<\/p>\n<p>(2) para cumplir con una obligaci\u00f3n legal que requiere procesamiento seg\u00fan la ley de la Uni\u00f3n o los Estados miembros a los que estamos sujetos, o para realizar una tarea de inter\u00e9s p\u00fablico o en el ejercicio de la autoridad oficial que nos ha sido delegada;<\/p>\n<p>(3) por razones de inter\u00e9s p\u00fablico en el campo de la salud p\u00fablica de conformidad con el Art. 9 (2) lit. h y yo y Art. 9 (3) GDPR;<\/p>\n<p>(4) para fines de archivo de inter\u00e9s p\u00fablico, con fines de investigaci\u00f3n cient\u00edfica o hist\u00f3rica o con fines estad\u00edsticos, seg\u00fan. Art\u00edculo 89 (1) GDPR, en la medida en que la ley referida en el subp\u00e1rrafo (a) pueda imposibilitar o afectar seriamente el logro de los objetivos de ese procesamiento, o<\/p>\n<p>(5) para afirmar, ejercer o defender reclamos legales.<\/p>\n<p>5. Derecho a la informaci\u00f3n<\/p>\n<p>Si tiene derecho a rectificar, eliminar o restringir el procesamiento a nosotros, estaremos obligados a notificar a todos los destinatarios a quienes se les haya revelado sus datos personales de esta correcci\u00f3n o eliminaci\u00f3n de los datos o restricci\u00f3n de procesamiento, a menos que este sea el caso demuestra ser imposible o implica un esfuerzo desproporcionado. Usted tiene derecho a ser informado sobre estos destinatarios.<\/p>\n<p>6. Derecho a la portabilidad de datos<\/p>\n<p>Tiene derecho a recibir informaci\u00f3n de identificaci\u00f3n personal que nos proporcione en un formato estructurado, com\u00fan y legible por m\u00e1quina. Adem\u00e1s, usted tiene el derecho de transferir estos datos a otra persona sin ning\u00fan impedimento, siempre que<\/p>\n<p>(1) el procesamiento en un consentimiento acc. Art. 6 p\u00e1rrafo 1 lit. un GDPR o el Art. 9, p\u00e1rrafo 2 lit. un DSGVO o en un contrato acc. Art. 6 p\u00e1rrafo 1 lit. b DSGVO se basa y<\/p>\n<p>(2) el procesamiento se realiza por medios autom\u00e1ticos.<\/p>\n<p>Al ejercer este derecho, tambi\u00e9n tiene derecho a obtener que los datos personales que le conciernen sean transmitidos directamente por nosotros a otra persona responsable, en la medida en que esto sea t\u00e9cnicamente posible. Las libertades y los derechos de otras personas pueden no verse afectados. El derecho a la portabilidad de datos no se aplica al procesamiento de los datos personales necesarios para la realizaci\u00f3n de una tarea en el inter\u00e9s p\u00fablico o en el ejercicio de la autoridad oficial que nos ha sido delegada.<\/p>\n<p>7. Derecho a oponerse<\/p>\n<p>Usted tiene el derecho en cualquier momento, por razones que surgen de su situaci\u00f3n particular, contra el procesamiento de sus datos personales, que de conformidad con el Art. 6 p\u00e1rrafo 1 lit. e o f DSGVO toma una objeci\u00f3n; esto tambi\u00e9n se aplica a los perfiles basados \u200b\u200ben estas disposiciones. Ya no procesaremos su informaci\u00f3n personal, a menos que podamos demostrar bases leg\u00edtimas convincentes para el procesamiento que superen sus intereses, derechos y libertades, o que el procesamiento tenga el prop\u00f3sito de hacer valer, perseguir o defender reclamos legales.<\/p>\n<p>Si los datos personales que le conciernen se procesan con fines de marketing directo, tiene derecho a oponerse en cualquier momento al procesamiento de sus datos personales con el fin de dicha publicidad; esto tambi\u00e9n se aplica a los perfiles en la medida en que est\u00e9n asociados con dicho correo directo. Si se opone al procesamiento para fines de marketing directo, sus datos personales ya no se procesar\u00e1n para estos fines.<\/p>\n<p>Independientemente de la Directiva 2002\/58 \/ CE, tiene la opci\u00f3n, en el contexto del uso de los servicios de la sociedad de la informaci\u00f3n, de ejercer su derecho de oposici\u00f3n a trav\u00e9s de procedimientos automatizados que utilizan especificaciones t\u00e9cnicas.<\/p>\n<p>8. Derecho a revocar la declaraci\u00f3n de consentimiento de protecci\u00f3n de datos<\/p>\n<p>Usted tiene el derecho de revocar su declaraci\u00f3n de protecci\u00f3n de datos en cualquier momento. La revocaci\u00f3n del consentimiento no afecta la legalidad del procesamiento llevado a cabo sobre la base del consentimiento hasta la revocaci\u00f3n.<\/p>\n<p>9. Decisi\u00f3n automatizada caso por caso, incluidos los perfiles<\/p>\n<p>Usted tiene el derecho de no estar sujeto a una decisi\u00f3n basada \u00fanicamente en el procesamiento automatizado, incluido el perfil, que tendr\u00e1 un efecto legal o le afectar\u00e1 de manera similar. Esto no aplica si la decisi\u00f3n<\/p>\n<p>(1) es necesario para la celebraci\u00f3n o cumplimiento de un contrato entre usted y nosotros,<\/p>\n<p>(2) est\u00e1 permitido por la legislaci\u00f3n de la Uni\u00f3n o del Estado miembro a la que estamos sujetos, y cuando dicha legislaci\u00f3n contiene medidas apropiadas para salvaguardar sus derechos y libertades y sus intereses leg\u00edtimos, o<\/p>\n<p>(3) con su consentimiento expreso.<\/p>\n<p>Sin embargo, estas decisiones no deben basarse en categor\u00edas especiales de datos personales en virtud del Art. 9 (1) GDPR, a menos que el Art. 9 (2) se ilumine. ayg y se han tomado medidas razonables para proteger los derechos y libertades y sus intereses leg\u00edtimos.<\/p>\n<p>Con respecto a los casos mencionados en (1) y (3), tomamos medidas razonables para defender los derechos y libertades y sus intereses leg\u00edtimos.<\/p>\n<p>10. Derecho a quejarse ante una autoridad supervisora<\/p>\n<p>Sin perjuicio de cualquier otro recurso administrativo o judicial, tendr\u00e1 derecho a presentar una queja ante una autoridad supervisora, en particular en el Estado miembro de su lugar de residencia, empleo o el lugar de la supuesta infracci\u00f3n, si considera que el procesamiento de los datos personales que le conciernen DSGVO viola.<\/p>\n<p>La autoridad supervisora \u200b\u200ba la que se ha presentado la queja informar\u00e1 al demandante sobre el estado y los resultados de la queja, incluida la posibilidad de un recurso judicial de conformidad con el art\u00edculo 78 de la GDPR.<\/p>\n<p>Responsable del procesamiento de datos:<br \/>\nNB PARTS GmbH<br \/>\nDaimlerstra\u00dfe 7<br \/>\n91301\/Forchheim<br \/>\nTelefon: 091913416200<br \/>\ninfo@nb-parts.de<\/p>\n<p>Datos de contacto de nuestro oficial de protecci\u00f3n de datos:<br \/>\nMathias Haeunke<br \/>\nDaimlerstra\u00dfe 7<br \/>\n91301\/Forchheim<br \/>\nm.haeunke@nb-parts.de<\/p>\n","protected":false},"excerpt":{"rendered":"<p>POL\u00cdTICA DE PRIVACIDAD \u00a7 1 General Sus datos personales (p. Ej. Saludo, nombre, direcci\u00f3n, direcci\u00f3n de correo electr\u00f3nico, <a href=\"https:\/\/nb-parts.de\/es\/politica-de-privacidad\/\"> [&#8230;]<\/a><\/p>\n","protected":false},"author":4,"featured_media":0,"parent":0,"menu_order":0,"comment_status":"closed","ping_status":"closed","template":"","meta":{"footnotes":""},"class_list":["post-15137","page","type-page","status-publish","hentry"],"yoast_head":"<!-- This site is optimized with the Yoast SEO Premium plugin v27.4 (Yoast SEO v27.5) - https:\/\/yoast.com\/product\/yoast-seo-premium-wordpress\/ -->\n<title>Pol\u00edtica de privacidad &#171; NB PARTS GmbH<\/title>\n<meta name=\"robots\" content=\"index, follow, max-snippet:-1, max-image-preview:large, max-video-preview:-1\" \/>\n<link rel=\"canonical\" href=\"https:\/\/nb-parts.de\/es\/politica-de-privacidad\/\" \/>\n<meta property=\"og:locale\" content=\"es_ES\" \/>\n<meta property=\"og:type\" content=\"article\" \/>\n<meta property=\"og:title\" content=\"Pol\u00edtica de privacidad\" \/>\n<meta property=\"og:description\" content=\"POL\u00cdTICA DE PRIVACIDAD \u00a7 1 General Sus datos personales (p. Ej. Saludo, nombre, direcci\u00f3n, direcci\u00f3n de correo electr\u00f3nico, [...]\" \/>\n<meta property=\"og:url\" content=\"https:\/\/nb-parts.de\/es\/politica-de-privacidad\/\" \/>\n<meta property=\"og:site_name\" content=\"NB PARTS GmbH\" \/>\n<meta property=\"article:modified_time\" content=\"2019-01-22T09:21:23+00:00\" \/>\n<meta property=\"og:image\" content=\"https:\/\/nb-parts.de\/wp-content\/uploads\/2017\/04\/NB-parts-zieht-um.jpg\" \/>\n\t<meta property=\"og:image:width\" content=\"713\" \/>\n\t<meta property=\"og:image:height\" content=\"300\" \/>\n\t<meta property=\"og:image:type\" content=\"image\/jpeg\" \/>\n<meta name=\"twitter:label1\" content=\"Tiempo de lectura\" \/>\n\t<meta name=\"twitter:data1\" content=\"6 minutos\" \/>\n<script type=\"application\/ld+json\" class=\"yoast-schema-graph\">{\"@context\":\"https:\\\/\\\/schema.org\",\"@graph\":[{\"@type\":\"WebPage\",\"@id\":\"https:\\\/\\\/nb-parts.de\\\/es\\\/politica-de-privacidad\\\/\",\"url\":\"https:\\\/\\\/nb-parts.de\\\/es\\\/politica-de-privacidad\\\/\",\"name\":\"Pol\u00edtica de privacidad &#171; NB PARTS GmbH\",\"isPartOf\":{\"@id\":\"https:\\\/\\\/nb-parts.de\\\/es\\\/#website\"},\"datePublished\":\"2018-04-05T11:48:35+00:00\",\"dateModified\":\"2019-01-22T09:21:23+00:00\",\"breadcrumb\":{\"@id\":\"https:\\\/\\\/nb-parts.de\\\/es\\\/politica-de-privacidad\\\/#breadcrumb\"},\"inLanguage\":\"es\",\"potentialAction\":[{\"@type\":\"ReadAction\",\"target\":[\"https:\\\/\\\/nb-parts.de\\\/es\\\/politica-de-privacidad\\\/\"]}]},{\"@type\":\"BreadcrumbList\",\"@id\":\"https:\\\/\\\/nb-parts.de\\\/es\\\/politica-de-privacidad\\\/#breadcrumb\",\"itemListElement\":[{\"@type\":\"ListItem\",\"position\":1,\"name\":\"Startseite\",\"item\":\"https:\\\/\\\/nb-parts.de\\\/es\\\/\"},{\"@type\":\"ListItem\",\"position\":2,\"name\":\"Pol\u00edtica de privacidad\"}]},{\"@type\":\"WebSite\",\"@id\":\"https:\\\/\\\/nb-parts.de\\\/es\\\/#website\",\"url\":\"https:\\\/\\\/nb-parts.de\\\/es\\\/\",\"name\":\"NB PARTS GmbH\",\"description\":\"Ersatzteile - Aufarbeitung - Fertigung\",\"publisher\":{\"@id\":\"https:\\\/\\\/nb-parts.de\\\/es\\\/#organization\"},\"potentialAction\":[{\"@type\":\"SearchAction\",\"target\":{\"@type\":\"EntryPoint\",\"urlTemplate\":\"https:\\\/\\\/nb-parts.de\\\/es\\\/?s={search_term_string}\"},\"query-input\":{\"@type\":\"PropertyValueSpecification\",\"valueRequired\":true,\"valueName\":\"search_term_string\"}}],\"inLanguage\":\"es\"},{\"@type\":\"Organization\",\"@id\":\"https:\\\/\\\/nb-parts.de\\\/es\\\/#organization\",\"name\":\"NB PARTS GmbH\",\"url\":\"https:\\\/\\\/nb-parts.de\\\/es\\\/\",\"logo\":{\"@type\":\"ImageObject\",\"inLanguage\":\"es\",\"@id\":\"https:\\\/\\\/nb-parts.de\\\/es\\\/#\\\/schema\\\/logo\\\/image\\\/\",\"url\":\"https:\\\/\\\/nb-parts.de\\\/wp-content\\\/uploads\\\/2021\\\/06\\\/LOGO01.jpg\",\"contentUrl\":\"https:\\\/\\\/nb-parts.de\\\/wp-content\\\/uploads\\\/2021\\\/06\\\/LOGO01.jpg\",\"width\":1000,\"height\":1000,\"caption\":\"NB PARTS GmbH\"},\"image\":{\"@id\":\"https:\\\/\\\/nb-parts.de\\\/es\\\/#\\\/schema\\\/logo\\\/image\\\/\"},\"sameAs\":[\"https:\\\/\\\/www.youtube.com\\\/watch?v=E_90qxvrVlA\"]}]}<\/script>\n<!-- \/ Yoast SEO Premium plugin. -->","yoast_head_json":{"title":"Pol\u00edtica de privacidad &#171; NB PARTS GmbH","robots":{"index":"index","follow":"follow","max-snippet":"max-snippet:-1","max-image-preview":"max-image-preview:large","max-video-preview":"max-video-preview:-1"},"canonical":"https:\/\/nb-parts.de\/es\/politica-de-privacidad\/","og_locale":"es_ES","og_type":"article","og_title":"Pol\u00edtica de privacidad","og_description":"POL\u00cdTICA DE PRIVACIDAD \u00a7 1 General Sus datos personales (p. Ej. Saludo, nombre, direcci\u00f3n, direcci\u00f3n de correo electr\u00f3nico, [...]","og_url":"https:\/\/nb-parts.de\/es\/politica-de-privacidad\/","og_site_name":"NB PARTS GmbH","article_modified_time":"2019-01-22T09:21:23+00:00","og_image":[{"width":713,"height":300,"url":"https:\/\/nb-parts.de\/wp-content\/uploads\/2017\/04\/NB-parts-zieht-um.jpg","type":"image\/jpeg"}],"twitter_misc":{"Tiempo de lectura":"6 minutos"},"schema":{"@context":"https:\/\/schema.org","@graph":[{"@type":"WebPage","@id":"https:\/\/nb-parts.de\/es\/politica-de-privacidad\/","url":"https:\/\/nb-parts.de\/es\/politica-de-privacidad\/","name":"Pol\u00edtica de privacidad &#171; NB PARTS GmbH","isPartOf":{"@id":"https:\/\/nb-parts.de\/es\/#website"},"datePublished":"2018-04-05T11:48:35+00:00","dateModified":"2019-01-22T09:21:23+00:00","breadcrumb":{"@id":"https:\/\/nb-parts.de\/es\/politica-de-privacidad\/#breadcrumb"},"inLanguage":"es","potentialAction":[{"@type":"ReadAction","target":["https:\/\/nb-parts.de\/es\/politica-de-privacidad\/"]}]},{"@type":"BreadcrumbList","@id":"https:\/\/nb-parts.de\/es\/politica-de-privacidad\/#breadcrumb","itemListElement":[{"@type":"ListItem","position":1,"name":"Startseite","item":"https:\/\/nb-parts.de\/es\/"},{"@type":"ListItem","position":2,"name":"Pol\u00edtica de privacidad"}]},{"@type":"WebSite","@id":"https:\/\/nb-parts.de\/es\/#website","url":"https:\/\/nb-parts.de\/es\/","name":"NB PARTS GmbH","description":"Ersatzteile - Aufarbeitung - Fertigung","publisher":{"@id":"https:\/\/nb-parts.de\/es\/#organization"},"potentialAction":[{"@type":"SearchAction","target":{"@type":"EntryPoint","urlTemplate":"https:\/\/nb-parts.de\/es\/?s={search_term_string}"},"query-input":{"@type":"PropertyValueSpecification","valueRequired":true,"valueName":"search_term_string"}}],"inLanguage":"es"},{"@type":"Organization","@id":"https:\/\/nb-parts.de\/es\/#organization","name":"NB PARTS GmbH","url":"https:\/\/nb-parts.de\/es\/","logo":{"@type":"ImageObject","inLanguage":"es","@id":"https:\/\/nb-parts.de\/es\/#\/schema\/logo\/image\/","url":"https:\/\/nb-parts.de\/wp-content\/uploads\/2021\/06\/LOGO01.jpg","contentUrl":"https:\/\/nb-parts.de\/wp-content\/uploads\/2021\/06\/LOGO01.jpg","width":1000,"height":1000,"caption":"NB PARTS GmbH"},"image":{"@id":"https:\/\/nb-parts.de\/es\/#\/schema\/logo\/image\/"},"sameAs":["https:\/\/www.youtube.com\/watch?v=E_90qxvrVlA"]}]}},"_links":{"self":[{"href":"https:\/\/nb-parts.de\/es\/wp-json\/wp\/v2\/pages\/15137","targetHints":{"allow":["GET"]}}],"collection":[{"href":"https:\/\/nb-parts.de\/es\/wp-json\/wp\/v2\/pages"}],"about":[{"href":"https:\/\/nb-parts.de\/es\/wp-json\/wp\/v2\/types\/page"}],"author":[{"embeddable":true,"href":"https:\/\/nb-parts.de\/es\/wp-json\/wp\/v2\/users\/4"}],"replies":[{"embeddable":true,"href":"https:\/\/nb-parts.de\/es\/wp-json\/wp\/v2\/comments?post=15137"}],"version-history":[{"count":0,"href":"https:\/\/nb-parts.de\/es\/wp-json\/wp\/v2\/pages\/15137\/revisions"}],"wp:attachment":[{"href":"https:\/\/nb-parts.de\/es\/wp-json\/wp\/v2\/media?parent=15137"}],"curies":[{"name":"wp","href":"https:\/\/api.w.org\/{rel}","templated":true}]}}